{"id":8582,"date":"2024-10-02T16:45:20","date_gmt":"2024-10-02T16:45:20","guid":{"rendered":"https:\/\/charta-nekretnine.hr\/?post_type=product&#038;p=8582"},"modified":"2024-10-02T16:57:10","modified_gmt":"2024-10-02T16:57:10","slug":"mobilne-kucice-uz-vransko-jezero","status":"publish","type":"product","link":"https:\/\/charta-nekretnine.hr\/en\/product\/mobilne-kucice-uz-vransko-jezero\/","title":{"rendered":"Mobilne ku\u0107ice uz Vransko jezero"},"content":{"rendered":"","protected":false},"excerpt":{"rendered":"<h1>Mobilne ku\u0107ice uz Vransko jezero<\/h1>\n<p>Posebna ponuda za ljubitelje i\/ili vlasnike konja &#8211; Vransko jezero, Pako\u0161tane<\/p>\n<p>&#8220;Vranac konji\u010dki kamp&#8221; na raspolaganje stavlja 2 parcele za postavljanje mobilnih ku\u0107ica.<\/p>\n<p>Imate li konja ili znate nekoga tko ih ima, onda je ova lokacija stvorena za vas<\/p>\n<p>Dok je ve\u0107ina na\u0161ih lokacija vezana uz more, &#8220;Konji\u010dki kamp Vranac&#8221; nalazi se uz samo Vransko jezero nedaleko od Pako\u0161tana.<\/p>\n<p>Naravno da more nije daleko, no glavna atrakcija ove lokacije je konji\u010dki teren sa ure\u0111enim smje\u0161tajem za konje. Ogra\u0111ena \u0161etali\u0161ta za konje i prirodan mir svojstven ovom kompleksu i okolici blagonaklono \u0107e djelovati na vas i va\u0161e konje.<\/p>\n<figure id=\"attachment_8583\" aria-describedby=\"caption-attachment-8583\" style=\"width: 640px\" class=\"wp-caption aligncenter\"><img fetchpriority=\"high\" decoding=\"async\" class=\"wp-image-8583\" src=\"https:\/\/charta-nekretnine.hr\/wp-content\/uploads\/2024\/10\/Vranac-konjicki-kamp-sa-jezera.jpg\" alt=\"Mobilne ku\u0107ice uz Vransko jezero\" width=\"640\" height=\"360\" srcset=\"https:\/\/charta-nekretnine.hr\/wp-content\/uploads\/2024\/10\/Vranac-konjicki-kamp-sa-jezera.jpg 960w, https:\/\/charta-nekretnine.hr\/wp-content\/uploads\/2024\/10\/Vranac-konjicki-kamp-sa-jezera-768x432.jpg 768w, https:\/\/charta-nekretnine.hr\/wp-content\/uploads\/2024\/10\/Vranac-konjicki-kamp-sa-jezera-18x10.jpg 18w, https:\/\/charta-nekretnine.hr\/wp-content\/uploads\/2024\/10\/Vranac-konjicki-kamp-sa-jezera-800x450.jpg 800w, https:\/\/charta-nekretnine.hr\/wp-content\/uploads\/2024\/10\/Vranac-konjicki-kamp-sa-jezera-600x338.jpg 600w\" sizes=\"(max-width: 640px) 100vw, 640px\" \/><figcaption id=\"caption-attachment-8583\" class=\"wp-caption-text\">Konji\u010dki kamp Vranac i parcele za mobilne ku\u0107ice uz Vransko jezero<\/figcaption><\/figure>\n<h2>ZA KOGA SU IDEALNE OVE PARCELE?<\/h2>\n<p>\u017delite li pro\u0161iriti ponudu za svoje goste, pru\u017eiti ne\u0161to posebno i odu\u0161eviti ih toliko da \u0107e rado vra\u0107ati svake godine, ova lokacija pru\u017ea dovoljno materijala da se pri\u010da o nezaboravnom odmoru \u0161iri sama od sebe.<\/p>\n<h3>Za vlasnike konja koji tra\u017ee promjenu<\/h3>\n<p>Tra\u017eite li novu lokaciju gdje smjestiti svoje konje, timariti ih te pustiti da u\u017eivaju u blagoj klimi ve\u0107inu godine, a istovremeno biti uz njih, dvije parcele na kojima se nude nove mobilne ku\u0107ice poslu\u017eit \u0107e vas u potpunosti.<\/p>\n<p>Stalan nadzor nad konjima, stru\u010dna dresura i prilika da va\u0161e plemenite \u017eivotinje promjene okolinu biti \u0107e valjan poticaj za kupovinom i kori\u0161tenjem mobilnih ku\u0107ica na dostupnim parcelama.<\/p>\n<p>Zatrebate li smje\u0161taj za sebe i va\u0161u pratnju, moderno ure\u0111ene i opremljene mobilne ku\u0107ice uz Vransko jezero spremne su za vas tijekom cijele godine.<\/p>\n<h3>Za investitore u turisti\u010dki najam mobilnih ku\u0107ica<\/h3>\n<p>Dodatna ponuda koju zazivaju svi vlasnici turisti\u010dkog smje\u0161taja ovdje je na dohvat ruke.<\/p>\n<p>Konji\u010dki kamp Vranac ure\u0111en je kompleks sa potencijalom da preraste u nezaobilaznu atrakciju ljubiteljima konja i onima koji to tek trebaju postati. Da bi vam pokazali potencijal koje pru\u017ea jahanje konja, predla\u017eemo da pro\u010ditate kratak \u010dlanak o trenutno poznatim <span style=\"text-decoration: underline;\"><strong><a href=\"https:\/\/putnikofer.hr\/aktivan-odmor\/jahanje-konja-u-hrvatskoj\/\" target=\"_blank\" rel=\"noopener\">lokacijama za jahanje konja<\/a><\/strong><\/span>.<\/p>\n<p>Ulaganjem u\u00a0 mobilne ku\u0107ice uz Vransko jezero stvarate jedinstven spoj odmora na Jadranu i prilike da va\u0161i gosti pro\u0111u jaha\u010dki kamp.<\/p>\n<p>Treba napomenuti da u &#8220;Konji\u010dkom kampu Vranac&#8221; ve\u0107 obitavaju konji, \u0161to ulazak u investiciju \u010dini pogodnijom.<\/p>\n<h2>Turisti\u010dko \u2013 investicijski projekt<\/h2>\n<p>Investicija u ove mobilne ku\u0107ice uz Vransko jezero dobar je odabir za po\u010detno ulaganje u turisti\u010dko iznajmljivanje.<\/p>\n<p>Cjenovno puno prihvatljivije od kupovine ku\u0107e na istoj ili sli\u010dnoj lokaciji, mobilne ku\u0107ice pru\u017eaju mogu\u0107nost br\u017eeg povrata ulo\u017eenog uz manje utro\u0161enog vremena (i \u017eivaca) da bi se zapo\u010delo sa projektom iznajmljivanja.<\/p>\n<p>Ku\u0107ice dolaze na lokaciju i montiraju se zajedno sa terasom te se predaju vlasnicima spremne za kori\u0161tenje. Va\u0161 je anga\u017eman minimalan.<\/p>\n<p>S obzirom na poziciju kampa, podatke o popunjenosti tijekom cijele godine i vi\u0161om o\u010dekivanom cijenom najma, ove \u0107e mobilne ku\u0107ice uz more omogu\u0107iti vlasnicima povrat investicije kroz 4 do 6 godina.<\/p>\n<p>U ovu ra\u010dunicu smo predvidjeli sve tro\u0161kove koji idu uz ovakav turisti\u010dko \u2013 investicijski projekt.<\/p>\n<p>Vi\u0161e o predvi\u0111enim tro\u0161kovima poslovanja iznajmljiva\u010da mobilnih ku\u0107ica pro\u010ditajte\u00a0<a href=\"https:\/\/charta-nekretnine.hr\/en\/2023\/04\/28\/pausal-za-mobilne-kucice-u-kampu\/\" target=\"_blank\" rel=\"noopener\"><strong>u na\u0161em blogu<\/strong><\/a><\/p>\n<h2>Mobilne ku\u0107ice uz Vransko jezero<\/h2>\n<p>U &#8220;Konji\u010dkom kampu Vranac&#8221; mo\u017eete odabrati izme\u0111u dvije opcije. Ovisno o va\u0161im \u017eeljama i mogu\u0107nostima na raspolaganju su ovi modeli novih, potpuno opremljenih mobilnih ku\u0107ica:<\/p>\n<h3>Adria S Line mobilne ku\u0107ice<\/h3>\n<figure id=\"attachment_8592\" aria-describedby=\"caption-attachment-8592\" style=\"width: 640px\" class=\"wp-caption aligncenter\"><img decoding=\"async\" class=\"wp-image-8592\" src=\"https:\/\/charta-nekretnine.hr\/wp-content\/uploads\/2024\/10\/Charta-Adria-Spavaca-soba.jpg\" alt=\"Mobilna ku\u0107ica premium glavna spava\u0107a soba\" width=\"640\" height=\"360\" srcset=\"https:\/\/charta-nekretnine.hr\/wp-content\/uploads\/2024\/10\/Charta-Adria-Spavaca-soba.jpg 960w, https:\/\/charta-nekretnine.hr\/wp-content\/uploads\/2024\/10\/Charta-Adria-Spavaca-soba-768x432.jpg 768w, https:\/\/charta-nekretnine.hr\/wp-content\/uploads\/2024\/10\/Charta-Adria-Spavaca-soba-18x10.jpg 18w, https:\/\/charta-nekretnine.hr\/wp-content\/uploads\/2024\/10\/Charta-Adria-Spavaca-soba-800x450.jpg 800w, https:\/\/charta-nekretnine.hr\/wp-content\/uploads\/2024\/10\/Charta-Adria-Spavaca-soba-600x338.jpg 600w\" sizes=\"(max-width: 640px) 100vw, 640px\" \/><figcaption id=\"caption-attachment-8592\" class=\"wp-caption-text\">Udobna i prostrana mobilna ku\u0107ica za odmor po mjeri svakog gosta<\/figcaption><\/figure>\n<ul>\n<li><strong>\u2022<\/strong>\u00a0dimenzija: 7.5 x 4 m (30 m\u00b2)<\/li>\n<li><strong>\u2022<\/strong>\u00a0terasa: natkrivena 7.5 x 4 m (30 m\u00b2)<\/li>\n<li><strong>\u2022<\/strong>\u00a0spava\u0107e sobe: 2<\/li>\n<li><strong>\u2022\u00a0<\/strong>kupaonica: 1<br \/>\n<hr \/>\n<\/li>\n<li><strong>\u2022\u00a0<\/strong>cijena: 48.000 \u20ac<\/li>\n<li><strong>\u2022\u00a0<\/strong>pau\u0161al: 6.000 \u20ac godi\u0161nje<\/li>\n<li><strong>\u2022\u00a0<\/strong>trajanje ugovora: 10 godina<\/li>\n<li><strong>\u2022\u00a0<\/strong>produljenje ugovora: mogu\u0107 dogovor<\/li>\n<\/ul>\n<hr \/>\n<ul>\n<li><strong>\u2022 <\/strong>lokacija: uz Vransko jezero<\/li>\n<li><strong>\u2022\u00a0<\/strong>period rada: kamp je otvoren cijele godine<\/li>\n<li><strong>\u2022\u00a0<\/strong>stanje mobilne ku\u0107ice: nova, potpuno opremljena i ure\u0111ena<\/li>\n<\/ul>\n<p>Dimenzije za Adria mobilne ku\u0107ice prvi red do mora (7.5 x 4 m) pru\u017eaju dovoljno prostranosti za ugodan boravak. Kombinacija prostorija unutar ku\u0107ice osloba\u0111a interijer za ve\u0107u blagavaonu i dnevni boravak.<\/p>\n<h3>Hosekra Delux mobilne ku\u0107ice uz Vransko jezero<\/h3>\n<figure id=\"attachment_8166\" aria-describedby=\"caption-attachment-8166\" style=\"width: 515px\" class=\"wp-caption aligncenter\"><img decoding=\"async\" class=\"wp-image-8166\" src=\"https:\/\/charta-nekretnine.hr\/wp-content\/uploads\/2024\/08\/Postavljena-kucica-kamp-Vrulje.jpg\" alt=\"Mobilna ku\u0107ica u kampu Vrulje\" width=\"515\" height=\"360\" srcset=\"https:\/\/charta-nekretnine.hr\/wp-content\/uploads\/2024\/08\/Postavljena-kucica-kamp-Vrulje.jpg 773w, https:\/\/charta-nekretnine.hr\/wp-content\/uploads\/2024\/08\/Postavljena-kucica-kamp-Vrulje-768x537.jpg 768w, https:\/\/charta-nekretnine.hr\/wp-content\/uploads\/2024\/08\/Postavljena-kucica-kamp-Vrulje-18x12.jpg 18w, https:\/\/charta-nekretnine.hr\/wp-content\/uploads\/2024\/08\/Postavljena-kucica-kamp-Vrulje-600x419.jpg 600w\" sizes=\"(max-width: 515px) 100vw, 515px\" \/><figcaption id=\"caption-attachment-8166\" class=\"wp-caption-text\">Mobilna ku\u0107ica koju smo postavili u kampu Vrulje (Pirovac) za na\u0161e drage klijente<\/figcaption><\/figure>\n<ul>\n<li><strong>\u2022<\/strong>\u00a0dimenzija: 8 x 3 m (24 m\u00b2)<\/li>\n<li><strong>\u2022<\/strong>\u00a0terasa: natkrivena 8 x 3 m (24 m\u00b2)<\/li>\n<li><strong>\u2022<\/strong>\u00a0spava\u0107e sobe: 2<\/li>\n<li><strong>\u2022\u00a0<\/strong>kupaonica: 1<\/li>\n<\/ul>\n<hr \/>\n<ul>\n<li><strong>\u2022\u00a0<\/strong>cijena: 35.000 \u20ac plus pdv<\/li>\n<li><strong>\u2022\u00a0<\/strong>pau\u0161al: 6.000 \u20ac godi\u0161nje<\/li>\n<li><strong>\u2022\u00a0<\/strong>trajanje ugovora: 10 godina<\/li>\n<li><strong>\u2022\u00a0<\/strong>produljenje ugovora: mogu\u0107 dogovor<\/li>\n<\/ul>\n<hr \/>\n<ul>\n<li><strong>\u2022\u00a0<\/strong>stanje mobilne ku\u0107ice: nova, potpuno opremljena i ure\u0111ena<\/li>\n<li><strong>\u2022\u00a0<\/strong>period rada: kamp je otvoren cijele godine<\/li>\n<\/ul>\n<p>Ovdje pogledajte cjelokupnu ponudu lokacija na kojima se <a href=\"https:\/\/charta-nekretnine.hr\/en\/prodaja-mobilne-kucice\/\" target=\"_blank\" rel=\"noopener\"><span style=\"text-decoration: underline;\"><strong>prodaju mobilne ku\u0107ice<\/strong><\/span><\/a><\/p>\n<p>Za sve dodatne infomacije vezano uz mobilne ku\u0107ice uz Vransko jezero, sam kamp te ulaganje u mobilne ku\u0107ica, obratite se na\u0161em stru\u010dnom timu.<\/p>\n<ul>\n<li>+385 (0)91 900 1525<\/li>\n<li>+385 (0)99 366 4412<\/li>\n<li>+385 (0)99 738 5893<\/li>\n<li>+385 (0)95 724 2285<\/li>\n<\/ul>\n<p>Mail: info@charta-nekretnine.hr<\/p>","protected":false},"featured_media":8602,"template":"","meta":{"_acf_changed":false,"ocean_post_layout":"","ocean_both_sidebars_style":"","ocean_both_sidebars_content_width":0,"ocean_both_sidebars_sidebars_width":0,"ocean_sidebar":"","ocean_second_sidebar":"","ocean_disable_margins":"enable","ocean_add_body_class":"","ocean_shortcode_before_top_bar":"","ocean_shortcode_after_top_bar":"","ocean_shortcode_before_header":"","ocean_shortcode_after_header":"","ocean_has_shortcode":"","ocean_shortcode_after_title":"","ocean_shortcode_before_footer_widgets":"","ocean_shortcode_after_footer_widgets":"","ocean_shortcode_before_footer_bottom":"","ocean_shortcode_after_footer_bottom":"","ocean_display_top_bar":"default","ocean_display_header":"default","ocean_header_style":"","ocean_center_header_left_menu":"","ocean_custom_header_template":"","ocean_custom_logo":0,"ocean_custom_retina_logo":0,"ocean_custom_logo_max_width":0,"ocean_custom_logo_tablet_max_width":0,"ocean_custom_logo_mobile_max_width":0,"ocean_custom_logo_max_height":0,"ocean_custom_logo_tablet_max_height":0,"ocean_custom_logo_mobile_max_height":0,"ocean_header_custom_menu":"","ocean_menu_typo_font_family":"","ocean_menu_typo_font_subset":"","ocean_menu_typo_font_size":0,"ocean_menu_typo_font_size_tablet":0,"ocean_menu_typo_font_size_mobile":0,"ocean_menu_typo_font_size_unit":"px","ocean_menu_typo_font_weight":"","ocean_menu_typo_font_weight_tablet":"","ocean_menu_typo_font_weight_mobile":"","ocean_menu_typo_transform":"","ocean_menu_typo_transform_tablet":"","ocean_menu_typo_transform_mobile":"","ocean_menu_typo_line_height":0,"ocean_menu_typo_line_height_tablet":0,"ocean_menu_typo_line_height_mobile":0,"ocean_menu_typo_line_height_unit":"","ocean_menu_typo_spacing":0,"ocean_menu_typo_spacing_tablet":0,"ocean_menu_typo_spacing_mobile":0,"ocean_menu_typo_spacing_unit":"","ocean_menu_link_color":"","ocean_menu_link_color_hover":"","ocean_menu_link_color_active":"","ocean_menu_link_background":"","ocean_menu_link_hover_background":"","ocean_menu_link_active_background":"","ocean_menu_social_links_bg":"","ocean_menu_social_hover_links_bg":"","ocean_menu_social_links_color":"","ocean_menu_social_hover_links_color":"","ocean_disable_title":"default","ocean_disable_heading":"default","ocean_post_title":"","ocean_post_subheading":"","ocean_post_title_style":"","ocean_post_title_background_color":"","ocean_post_title_background":0,"ocean_post_title_bg_image_position":"","ocean_post_title_bg_image_attachment":"","ocean_post_title_bg_image_repeat":"","ocean_post_title_bg_image_size":"","ocean_post_title_height":0,"ocean_post_title_bg_overlay":0.5,"ocean_post_title_bg_overlay_color":"","ocean_disable_breadcrumbs":"default","ocean_breadcrumbs_color":"","ocean_breadcrumbs_separator_color":"","ocean_breadcrumbs_links_color":"","ocean_breadcrumbs_links_hover_color":"","ocean_display_footer_widgets":"default","ocean_display_footer_bottom":"default","ocean_custom_footer_template":""},"product_brand":[],"product_cat":[265],"product_tag":[247,272],"class_list":{"0":"post-8582","1":"product","2":"type-product","3":"status-publish","4":"has-post-thumbnail","6":"product_cat-mobilne-kucice","7":"product_tag-prodaja","8":"product_tag-prodaja-mobilnih-kucica","9":"pa_broj-kupaonica-60","10":"pa_broj-spavacih-soba-52","11":"pa_cijena-u-tekstu","12":"pa_kvadratura-251","13":"pa_kvadratura-333","14":"pa_mjesto-pakostane","15":"pa_vrsta-objave-prodaja","17":"entry","18":"has-media","20":"first","21":"instock","22":"shipping-taxable","23":"product-type-simple","24":"has-product-nav","25":"col","26":"span_1_of_3","27":"owp-content-center","28":"owp-thumbs-layout-horizontal","29":"owp-btn-normal","30":"owp-tabs-layout-horizontal"},"acf":[],"jetpack_sharing_enabled":true,"_links":{"self":[{"href":"https:\/\/charta-nekretnine.hr\/en\/wp-json\/wp\/v2\/product\/8582","targetHints":{"allow":["GET"]}}],"collection":[{"href":"https:\/\/charta-nekretnine.hr\/en\/wp-json\/wp\/v2\/product"}],"about":[{"href":"https:\/\/charta-nekretnine.hr\/en\/wp-json\/wp\/v2\/types\/product"}],"wp:featuredmedia":[{"embeddable":true,"href":"https:\/\/charta-nekretnine.hr\/en\/wp-json\/wp\/v2\/media\/8602"}],"wp:attachment":[{"href":"https:\/\/charta-nekretnine.hr\/en\/wp-json\/wp\/v2\/media?parent=8582"}],"wp:term":[{"taxonomy":"product_brand","embeddable":true,"href":"https:\/\/charta-nekretnine.hr\/en\/wp-json\/wp\/v2\/product_brand?post=8582"},{"taxonomy":"product_cat","embeddable":true,"href":"https:\/\/charta-nekretnine.hr\/en\/wp-json\/wp\/v2\/product_cat?post=8582"},{"taxonomy":"product_tag","embeddable":true,"href":"https:\/\/charta-nekretnine.hr\/en\/wp-json\/wp\/v2\/product_tag?post=8582"}],"curies":[{"name":"wp","href":"https:\/\/api.w.org\/{rel}","templated":true}]}}