{"id":8607,"date":"2024-10-15T06:26:21","date_gmt":"2024-10-15T06:26:21","guid":{"rendered":"https:\/\/charta-nekretnine.hr\/?post_type=product&#038;p=8607"},"modified":"2025-09-24T22:13:13","modified_gmt":"2025-09-24T22:13:13","slug":"mobilne-kucice-pakostane-kamp-stipas","status":"publish","type":"product","link":"https:\/\/charta-nekretnine.hr\/en\/product\/mobilne-kucice-pakostane-kamp-stipas\/","title":{"rendered":"Mobilne ku\u0107ice Pako\u0161tane, kamp Stipas"},"content":{"rendered":"","protected":false},"excerpt":{"rendered":"<h1>Mobilne ku\u0107ice Pako\u0161tane, kamp Stipas<\/h1>\n<p dir=\"auto\">U Pako\u0161tanima pripremamo <strong>novi projekt za 2027. godinu<\/strong> gdje \u0107e mobilne ku\u0107ice biti postavljene na <strong>parcelama uz more<\/strong>, a svatko tko boravi u njima u\u017eivat \u0107e prekrasan pogled, zvuk valova i bistrinu Jadranskoga mora<\/p>\n<p dir=\"auto\">Kamp Stipas i parcele imaju sve isho\u0111ene dozvole za ostvarenje projekta, a za sve na\u0161e klijente pru\u017eamo dodatno jamstvo sigurnosti. Svakom klijentu pru\u017eamo stabilnost da odlukom o kupnji mobilne ku\u0107ice ima <strong>sigurnost boravka na parceli<\/strong> tijekom trajanja ugovora.<\/p>\n<figure id=\"attachment_8612\" aria-describedby=\"caption-attachment-8612\" style=\"width: 640px\" class=\"wp-caption aligncenter\"><img fetchpriority=\"high\" decoding=\"async\" class=\"wp-image-8612\" src=\"https:\/\/charta-nekretnine.hr\/wp-content\/uploads\/2024\/10\/Pakostane-parcele-za-mobilne-kucice.jpg\" alt=\"Kamp mobilne ku\u0107ice Pako\u0161tane\" width=\"640\" height=\"360\" srcset=\"https:\/\/charta-nekretnine.hr\/wp-content\/uploads\/2024\/10\/Pakostane-parcele-za-mobilne-kucice.jpg 960w, https:\/\/charta-nekretnine.hr\/wp-content\/uploads\/2024\/10\/Pakostane-parcele-za-mobilne-kucice-768x432.jpg 768w, https:\/\/charta-nekretnine.hr\/wp-content\/uploads\/2024\/10\/Pakostane-parcele-za-mobilne-kucice-18x10.jpg 18w, https:\/\/charta-nekretnine.hr\/wp-content\/uploads\/2024\/10\/Pakostane-parcele-za-mobilne-kucice-800x450.jpg 800w, https:\/\/charta-nekretnine.hr\/wp-content\/uploads\/2024\/10\/Pakostane-parcele-za-mobilne-kucice-600x338.jpg 600w\" sizes=\"(max-width: 640px) 100vw, 640px\" \/><figcaption id=\"caption-attachment-8612\" class=\"wp-caption-text\">Ozna\u010den teren gdje zapo\u010dinje projekt &#8220;Stipas kamp&#8221;<\/figcaption><\/figure>\n<div class=\"x11i5rnm xat24cr x1mh8g0r x1vvkbs xtlvy1s x126k92a\">\n<h2>Detalji projekta \u201cStipas kamp\u201d<\/h2>\n<\/div>\n<div class=\"x11i5rnm xat24cr x1mh8g0r x1vvkbs xtlvy1s x126k92a\">\n<div dir=\"auto\">\n<ul>\n<li><strong>\u2022\u00a0<\/strong>Cijena mobilne ku\u0107ice: 37.000\u20ac plus pdv<\/li>\n<li><strong>\u2022\u00a0<\/strong>Godi\u0161nji pau\u0161al: od 6.000\u20ac<\/li>\n<li><strong>\u2022\u00a0<\/strong>Ugovor na 10 godina<\/li>\n<li><strong>\u2022 <\/strong>Produljenje ugovora: mogu\u0107 dogovor<\/li>\n<\/ul>\n<hr \/>\n<ul>\n<li><strong>\u2022\u00a0<\/strong>Pristup ku\u0107icama: cijele godine<\/li>\n<li><strong>\u2022<\/strong> Terasa: natkrivena 8 x 3 m<\/li>\n<li><strong>\u2022 <\/strong>Stanje mobilne ku\u0107ice: nova, potpuno opremljena i ure\u0111ena<\/li>\n<li><strong>\u2022 <\/strong>Osiguran parking<\/li>\n<\/ul>\n<\/div>\n<\/div>\n<p dir=\"auto\">Mobilne ku\u0107ice Pako\u0161tane se prodaju po sistemu klju\u010d u ruke, a na\u0161a usluga uklju\u010duje:<\/p>\n<div class=\"x11i5rnm xat24cr x1mh8g0r x1vvkbs xtlvy1s x126k92a\">\n<ul>\n<li dir=\"auto\">\u2022 Potpuno opremljenu i namje\u0161tenu mobilnu ku\u0107icu<\/li>\n<li dir=\"auto\">\u2022 Organiziran prijevoz i postavljanje ku\u0107ice<\/li>\n<li dir=\"auto\">\u2022 Natkrivenu terasu 24m2<br \/>\n<hr \/>\n<\/li>\n<li dir=\"auto\">\u2022 Monta\u017eu terase<\/li>\n<li dir=\"auto\">\u2022 Pripremljena parcela sa priklju\u010dcima<\/li>\n<li dir=\"auto\">\u2022 Spajanje ku\u0107ice na priklju\u010dke<\/li>\n<\/ul>\n<\/div>\n<h2>Turisti\u010dko \u2013 investicijski potencijal<\/h2>\n<p>Kupnjom mobilne ku\u0107ice i postavljanjem na parcelu dobivate priliku imati svoju smje\u0161tajnu jedinicu spremnu za iznajmljivanje te <strong>ostvariti dodatan prihod<\/strong>.<\/p>\n<p>Ulaganje u mobilne ku\u0107ice sa pogledom na more mo\u017ee biti dobar odabir za po\u010detno ulaganje u turisti\u010dko iznajmljivanje.<\/p>\n<p>Cjenovno puno prihvatljivije od kupovine ku\u0107e na istoj ili sli\u010dnoj lokaciji, mobilne ku\u0107ice pru\u017eaju mogu\u0107nost br\u017eeg povrata ulo\u017eenog uz manje utro\u0161enog vremena (i \u017eivaca) da bi se zapo\u010delo sa projektom iznajmljivanja.<\/p>\n<p>Ku\u0107ice dolaze na lokaciju i montiraju se zajedno sa terasom te se predaju vlasnicima spremne za kori\u0161tenje. Va\u0161 je anga\u017eman minimalan.<\/p>\n<figure id=\"attachment_8613\" aria-describedby=\"caption-attachment-8613\" style=\"width: 640px\" class=\"wp-caption aligncenter\"><img decoding=\"async\" class=\"wp-image-8613\" src=\"https:\/\/charta-nekretnine.hr\/wp-content\/uploads\/2024\/10\/Kamp-sa-mora.jpg\" alt=\"Mobilne ku\u0107ice do mora\" width=\"640\" height=\"360\" srcset=\"https:\/\/charta-nekretnine.hr\/wp-content\/uploads\/2024\/10\/Kamp-sa-mora.jpg 960w, https:\/\/charta-nekretnine.hr\/wp-content\/uploads\/2024\/10\/Kamp-sa-mora-768x432.jpg 768w, https:\/\/charta-nekretnine.hr\/wp-content\/uploads\/2024\/10\/Kamp-sa-mora-18x10.jpg 18w, https:\/\/charta-nekretnine.hr\/wp-content\/uploads\/2024\/10\/Kamp-sa-mora-800x450.jpg 800w, https:\/\/charta-nekretnine.hr\/wp-content\/uploads\/2024\/10\/Kamp-sa-mora-600x338.jpg 600w\" sizes=\"(max-width: 640px) 100vw, 640px\" \/><figcaption id=\"caption-attachment-8613\" class=\"wp-caption-text\">Mobilne ku\u0107ice na premium lokaciji<\/figcaption><\/figure>\n<p>Na vama je da mobilnu ku\u0107icu personalizirate i uredite tako da do\u010deka prve goste ispunjena va\u0161om vizijom savr\u0161enog smje\u0161taja.<\/p>\n<p>Investicijom u mobilne ku\u0107ice Pako\u0161tane dolazite u priliku iznajmljivanjem\u00a0 vratiti ulo\u017eeno u razumnom roku.<\/p>\n<p>Koji je to razuman rok?<\/p>\n<p>S obzirom na poziciju kampa, podatke o popunjenosti tijekom cijele godine i vi\u0161om o\u010dekivanom cijenom najma, ove \u0107e mobilne ku\u0107ice Pako\u0161tane omogu\u0107iti vlasnicima povrat investicije kroz 4 do 5 godina.<\/p>\n<p>U ovu ra\u010dunicu smo predvidjeli sve tro\u0161kove koji idu uz ovakav turisti\u010dko \u2013 investicijski projekt.<\/p>\n<p>Ostatak do isteka 10-godi\u0161njeg zakupa u prilici ste ostvariti prihod (zarada od iznajmljivanja umanjena za godi\u0161nji pau\u0161al).<\/p>\n<p>Vi\u0161e o predvi\u0111enim tro\u0161kovima poslovanja iznajmljiva\u010da mobilnih ku\u0107ica pro\u010ditajte\u00a0<a href=\"https:\/\/charta-nekretnine.hr\/en\/2023\/04\/28\/zasto-se-placa-pausal-za-mobilne-kucice-u-kampovima\/\" target=\"_blank\" rel=\"noopener\"><strong>u na\u0161em blogu<\/strong><\/a><\/p>\n<h2>Pako\u0161tane \u2013 mobilne ku\u0107ice na\u00a0 atraktivnoj lokaciji<\/h2>\n<p>Kako izgledaju mobilne ku\u0107ice pogledajte na primjeru projekta &#8220;Vrulje kamp&#8221; koji smo priveli kraju pro\u0161le godine.<\/p>\n<p><iframe style=\"border: none; overflow: hidden;\" src=\"https:\/\/www.facebook.com\/plugins\/video.php?height=360&amp;href=https%3A%2F%2Fwww.facebook.com%2FChartaMobileHomes%2Fvideos%2F1248514242854052%2F&amp;show_text=false&amp;width=360&amp;t=0\" width=\"360\" height=\"360\" frameborder=\"0\" scrolling=\"no\" allowfullscreen=\"allowfullscreen\"><\/iframe><\/p>\n<pre>*cijena izra\u017eena u videu odnosi se\r\nna mobilne ku\u0107ice koje postavljamo\r\nna zahtjev vlasnika zemlji\u0161ta<\/pre>\n<p>Interijer svake mobilne ku\u0107ice Pako\u0161tane pomno je isplaniran tako da je iskori\u0161tenost prostora maksimalna, a odlikuje ga pametno osmi\u0161ljen prostor za pohranu prtljage i osobnih stvari.<\/p>\n<p>Kuhinja dolazi sa velikim fri\u017eiderom, perilicom posu\u0111a i plo\u0107om za kuhanje, dok kao dodatnu pogodnost za svoje goste mo\u017eete urediti i vanjsku kuhinju na prostranoj terasi.<\/p>\n<p>U kuhinji mobilnih ku\u0107ica koje u kampovima postavlja Charta Mobile Homes mo\u017ee se pripremiti jelo po sva\u010dijem izboru. Ljetovanje nudi priliku isprobati nove namirnice koje ve\u0107inom godine va\u0161i budu\u0107i gosti ne koristite \u010desto ili im nisu na raspolaganju.<\/p>\n<p>Spava\u0107e sobe imaju dovoljno prostora za odlaganje odje\u0107e, a kupaonica je ure\u0111ena tako da se vi\u0161e osoba mo\u017ee kretati u njoj bez stvaranja gu\u017eve.<\/p>\n<p>Uz smart TV i klima ure\u0111aj, dnevni \u0107e boravak biti ugodno mjesto za odmor nakon ru\u010dka ili popodnevni kratak san.<\/p>\n<h3>Terasa mobilne ku\u0107ice<\/h3>\n<p>Na terasi mo\u017eete urediti lounge zonu i time stvoriti dodatan prostor za opu\u0161tanje va\u0161ih gostiju. Prema anketi koju smo proveli me\u0111u gostima mobilnih ku\u0107ica, ve\u0107ina je navela da najvi\u0161e vremena provode upravo na terasi.<\/p>\n<p>Bilo da u\u017eivaju izle\u017eavaju\u0107i na laganom povjetarcu tijekom dana, dru\u017ee se uz \u010da\u0161u vina nave\u010der ili pijuckaju prvu jutarnju kavu, natkrivena terasa mobilne ku\u0107ice Pako\u0161tane biti \u0107e centralno mjesto opu\u0161tanja va\u0161ih budu\u0107ih gostiju.<\/p>\n<p>Kao preporuku za pro\u0161irenje ponude predla\u017eemo dodatno opremiti mobilnu ku\u0107icu sa elektri\u010dnim grilom ili urediti potpuno funkcionalnu vanjsku kuhinju.<\/p>\n<h3>Paket upravljanja za mobilne ku\u0107ice Pako\u0161tane<\/h3>\n<p>Za svaku je mobilnu ku\u0107icu mogu\u0107e ugovoriti paket upravljanja koji uklju\u010duje:<\/p>\n<ul>\n<li><strong>\u2022\u00a0<\/strong>iznajmljivanje putem specijaliziranog portala\u00a0<strong><a href=\"https:\/\/mobilehomerent.eu\/\" target=\"_blank\" rel=\"noopener\">MobileHomeRent<\/a><\/strong><\/li>\n<li><strong>\u2022\u00a0<\/strong>koordinaciju raspolo\u017eivih termina na svim portalima<\/li>\n<li><strong>\u2022\u00a0<\/strong>check in \/ check out gostiju<\/li>\n<li><strong>\u2022\u00a0<\/strong>uslugu \u010di\u0161\u0107enja ku\u0107ice<\/li>\n<li><strong>\u2022\u00a0<\/strong>izradu web stranice i vo\u0111enje profila na dru\u0161tvenim mre\u017eama<\/li>\n<li><strong>\u2022\u00a0<\/strong>snimanje promo materijala za mobilne ku\u0107ice<\/li>\n<\/ul>\n<p>Za vas predstavljamo\u00a0<strong><a href=\"https:\/\/charta-nekretnine.hr\/en\/prodaja-mobilne-kucice\/\" target=\"_blank\" rel=\"noopener\">ponudu ostalih lokacija<\/a><\/strong>\u00a0na kojima mo\u017eete kupiti i postaviti mobilnu ku\u0107icu te zapo\u010deti sa zara\u0111ivanjem od turisti\u010dkog iznajmljivanja.<\/p>\n<h3>\u010cesta pitanja i odgovori vezani uz ulaganje u mobilne ku\u0107ice<\/h3>\n<div class=\"x11i5rnm xat24cr x1mh8g0r x1vvkbs xtlvy1s x126k92a\">\n<p dir=\"auto\">Zanima li vas investicija u mobilne ku\u0107ice sa pogledom na more, sigurno \u017eelite znati odgovore na sljede\u0107a pitanja:<\/p>\n<\/div>\n<div class=\"x11i5rnm xat24cr x1mh8g0r x1vvkbs xtlvy1s x126k92a\">\n<div dir=\"auto\"><span class=\"x3nfvp2 x1j61x8r x1fcty0u xdj266r xhhsvwb xat24cr xgzva0m xxymvpz xlup9mm x1kky2od\"><img decoding=\"async\" class=\"xz74otr\" src=\"https:\/\/static.xx.fbcdn.net\/images\/emoji.php\/v9\/t72\/3\/16\/1f518.png\" alt=\"\ud83d\udd18\" width=\"16\" height=\"16\" \/><\/span>\u00a0\u0160to je pau\u0161al?<\/div>\n<div dir=\"auto\"><span class=\"x3nfvp2 x1j61x8r x1fcty0u xdj266r xhhsvwb xat24cr xgzva0m xxymvpz xlup9mm x1kky2od\"><img loading=\"lazy\" decoding=\"async\" class=\"xz74otr\" src=\"https:\/\/static.xx.fbcdn.net\/images\/emoji.php\/v9\/t8f\/3\/16\/2611.png\" alt=\"\u2611\ufe0f\" width=\"16\" height=\"16\" \/><\/span>\u00a0Godi\u0161nja naknada za kori\u0161tenje parcele koja se pla\u0107a vlasniku kampa<\/div>\n<div dir=\"auto\">\n<hr \/>\n<\/div>\n<\/div>\n<div class=\"x11i5rnm xat24cr x1mh8g0r x1vvkbs xtlvy1s x126k92a\">\n<div dir=\"auto\"><span class=\"x3nfvp2 x1j61x8r x1fcty0u xdj266r xhhsvwb xat24cr xgzva0m xxymvpz xlup9mm x1kky2od\"><img decoding=\"async\" class=\"xz74otr\" src=\"https:\/\/static.xx.fbcdn.net\/images\/emoji.php\/v9\/t72\/3\/16\/1f518.png\" alt=\"\ud83d\udd18\" width=\"16\" height=\"16\" \/><\/span>\u00a0Za koliko mogu vratiti ulo\u017eeno?<\/div>\n<div dir=\"auto\"><span class=\"x3nfvp2 x1j61x8r x1fcty0u xdj266r xhhsvwb xat24cr xgzva0m xxymvpz xlup9mm x1kky2od\"><img loading=\"lazy\" decoding=\"async\" class=\"xz74otr\" src=\"https:\/\/static.xx.fbcdn.net\/images\/emoji.php\/v9\/t8f\/3\/16\/2611.png\" alt=\"\u2611\ufe0f\" width=\"16\" height=\"16\" \/><\/span>\u00a0O\u010dekivani povrat investicije je 3 do 5 godina<\/div>\n<\/div>\n<div class=\"x11i5rnm xat24cr x1mh8g0r x1vvkbs xtlvy1s x126k92a\">\n<div dir=\"auto\">\n<hr \/>\n<\/div>\n<div dir=\"auto\"><span class=\"x3nfvp2 x1j61x8r x1fcty0u xdj266r xhhsvwb xat24cr xgzva0m xxymvpz xlup9mm x1kky2od\"><img decoding=\"async\" class=\"xz74otr\" src=\"https:\/\/static.xx.fbcdn.net\/images\/emoji.php\/v9\/t72\/3\/16\/1f518.png\" alt=\"\ud83d\udd18\" width=\"16\" height=\"16\" \/><\/span>\u00a0Mogu li boraviti u mobilnoj ku\u0107ici?<\/div>\n<div dir=\"auto\"><span class=\"x3nfvp2 x1j61x8r x1fcty0u xdj266r xhhsvwb xat24cr xgzva0m xxymvpz xlup9mm x1kky2od\"><img loading=\"lazy\" decoding=\"async\" class=\"xz74otr\" src=\"https:\/\/static.xx.fbcdn.net\/images\/emoji.php\/v9\/t8f\/3\/16\/2611.png\" alt=\"\u2611\ufe0f\" width=\"16\" height=\"16\" \/><\/span>\u00a0Naravno, mo\u017eete kombinirati najam ku\u0107ice, boraviti u njoj ili pozvati prijatelje i rodbinu da odsjednu u njoj?<\/div>\n<\/div>\n<div class=\"x11i5rnm xat24cr x1mh8g0r x1vvkbs xtlvy1s x126k92a\">\n<div dir=\"auto\">\n<hr \/>\n<\/div>\n<div dir=\"auto\"><span class=\"x3nfvp2 x1j61x8r x1fcty0u xdj266r xhhsvwb xat24cr xgzva0m xxymvpz xlup9mm x1kky2od\"><img decoding=\"async\" class=\"xz74otr\" src=\"https:\/\/static.xx.fbcdn.net\/images\/emoji.php\/v9\/t72\/3\/16\/1f518.png\" alt=\"\ud83d\udd18\" width=\"16\" height=\"16\" \/><\/span>\u00a0\u010cije su vlasni\u0161tvo ove mobilne ku\u0107ice sa pogledom na more ?<\/div>\n<div dir=\"auto\"><span class=\"x3nfvp2 x1j61x8r x1fcty0u xdj266r xhhsvwb xat24cr xgzva0m xxymvpz xlup9mm x1kky2od\"><img loading=\"lazy\" decoding=\"async\" class=\"xz74otr\" src=\"https:\/\/static.xx.fbcdn.net\/images\/emoji.php\/v9\/t8f\/3\/16\/2611.png\" alt=\"\u2611\ufe0f\" width=\"16\" height=\"16\" \/><\/span>\u00a0Va\u0161e! Velika je prednost ovog na\u010dina investiranja \u0161to ku\u0107icu mo\u017eete prodati i time jo\u0161 pove\u0107ati svoju dobit.<\/div>\n<\/div>\n<div class=\"x11i5rnm xat24cr x1mh8g0r x1vvkbs xtlvy1s x126k92a\">\n<div dir=\"auto\">\n<hr \/>\n<\/div>\n<div dir=\"auto\"><span class=\"x3nfvp2 x1j61x8r x1fcty0u xdj266r xhhsvwb xat24cr xgzva0m xxymvpz xlup9mm x1kky2od\"><img decoding=\"async\" class=\"xz74otr\" src=\"https:\/\/static.xx.fbcdn.net\/images\/emoji.php\/v9\/t72\/3\/16\/1f518.png\" alt=\"\ud83d\udd18\" width=\"16\" height=\"16\" \/><\/span>\u00a0Da li je i parcela u kampu moja?<\/div>\n<div dir=\"auto\"><span class=\"x3nfvp2 x1j61x8r x1fcty0u xdj266r xhhsvwb xat24cr xgzva0m xxymvpz xlup9mm x1kky2od\"><img loading=\"lazy\" decoding=\"async\" class=\"xz74otr\" src=\"https:\/\/static.xx.fbcdn.net\/images\/emoji.php\/v9\/t8f\/3\/16\/2611.png\" alt=\"\u2611\ufe0f\" width=\"16\" height=\"16\" \/><\/span>\u00a0Ne! Zemlji\u0161te kampa privatno je vlasni\u0161tvo koje se daje u zakup na odre\u0111eni broj godina.<\/div>\n<\/div>\n<div class=\"x11i5rnm xat24cr x1mh8g0r x1vvkbs xtlvy1s x126k92a\">\n<div dir=\"auto\">\n<hr \/>\n<\/div>\n<div dir=\"auto\"><span class=\"x3nfvp2 x1j61x8r x1fcty0u xdj266r xhhsvwb xat24cr xgzva0m xxymvpz xlup9mm x1kky2od\"><img decoding=\"async\" class=\"xz74otr\" src=\"https:\/\/static.xx.fbcdn.net\/images\/emoji.php\/v9\/t72\/3\/16\/1f518.png\" alt=\"\ud83d\udd18\" width=\"16\" height=\"16\" \/><\/span>\u00a0Isplati li se ulagati u mobilne ku\u0107ice\u00a0 sa pogledom na more?<\/div>\n<div dir=\"auto\">\n<p><span class=\"x3nfvp2 x1j61x8r x1fcty0u xdj266r xhhsvwb xat24cr xgzva0m xxymvpz xlup9mm x1kky2od\"><img loading=\"lazy\" decoding=\"async\" class=\"xz74otr\" src=\"https:\/\/static.xx.fbcdn.net\/images\/emoji.php\/v9\/t8f\/3\/16\/2611.png\" alt=\"\u2611\ufe0f\" width=\"16\" height=\"16\" \/><\/span>\u00a0Nazovite nas i saznajte detalje na\u0161e ponude!<\/p>\n<\/div>\n<\/div>\n<p dir=\"auto\">Za sve detalje i informacije o kampu Stipas, mobilnim ku\u0107icama i ulaganju u turisti\u010dko iznajmljivanje, na raspolaganju smo vam:<\/p>\n<div class=\"x11i5rnm xat24cr x1mh8g0r x1vvkbs xtlvy1s x126k92a\">\n<div dir=\"auto\">+385 (0)91 900 1525<br \/>\n+385 (0)99 366 4412<br \/>\n+385 (0)99 738 5893<br \/>\n+385 (0)95 724 2285<\/div>\n<div dir=\"auto\">info@charta-nekretnine.hr<\/div>\n<\/div>","protected":false},"featured_media":9202,"template":"","meta":{"_acf_changed":false,"ocean_post_layout":"","ocean_both_sidebars_style":"","ocean_both_sidebars_content_width":0,"ocean_both_sidebars_sidebars_width":0,"ocean_sidebar":"","ocean_second_sidebar":"","ocean_disable_margins":"enable","ocean_add_body_class":"","ocean_shortcode_before_top_bar":"","ocean_shortcode_after_top_bar":"","ocean_shortcode_before_header":"","ocean_shortcode_after_header":"","ocean_has_shortcode":"","ocean_shortcode_after_title":"","ocean_shortcode_before_footer_widgets":"","ocean_shortcode_after_footer_widgets":"","ocean_shortcode_before_footer_bottom":"","ocean_shortcode_after_footer_bottom":"","ocean_display_top_bar":"default","ocean_display_header":"default","ocean_header_style":"","ocean_center_header_left_menu":"","ocean_custom_header_template":"","ocean_custom_logo":0,"ocean_custom_retina_logo":0,"ocean_custom_logo_max_width":0,"ocean_custom_logo_tablet_max_width":0,"ocean_custom_logo_mobile_max_width":0,"ocean_custom_logo_max_height":0,"ocean_custom_logo_tablet_max_height":0,"ocean_custom_logo_mobile_max_height":0,"ocean_header_custom_menu":"","ocean_menu_typo_font_family":"","ocean_menu_typo_font_subset":"","ocean_menu_typo_font_size":0,"ocean_menu_typo_font_size_tablet":0,"ocean_menu_typo_font_size_mobile":0,"ocean_menu_typo_font_size_unit":"px","ocean_menu_typo_font_weight":"","ocean_menu_typo_font_weight_tablet":"","ocean_menu_typo_font_weight_mobile":"","ocean_menu_typo_transform":"","ocean_menu_typo_transform_tablet":"","ocean_menu_typo_transform_mobile":"","ocean_menu_typo_line_height":0,"ocean_menu_typo_line_height_tablet":0,"ocean_menu_typo_line_height_mobile":0,"ocean_menu_typo_line_height_unit":"","ocean_menu_typo_spacing":0,"ocean_menu_typo_spacing_tablet":0,"ocean_menu_typo_spacing_mobile":0,"ocean_menu_typo_spacing_unit":"","ocean_menu_link_color":"","ocean_menu_link_color_hover":"","ocean_menu_link_color_active":"","ocean_menu_link_background":"","ocean_menu_link_hover_background":"","ocean_menu_link_active_background":"","ocean_menu_social_links_bg":"","ocean_menu_social_hover_links_bg":"","ocean_menu_social_links_color":"","ocean_menu_social_hover_links_color":"","ocean_disable_title":"default","ocean_disable_heading":"default","ocean_post_title":"","ocean_post_subheading":"","ocean_post_title_style":"","ocean_post_title_background_color":"","ocean_post_title_background":0,"ocean_post_title_bg_image_position":"","ocean_post_title_bg_image_attachment":"","ocean_post_title_bg_image_repeat":"","ocean_post_title_bg_image_size":"","ocean_post_title_height":0,"ocean_post_title_bg_overlay":0.5,"ocean_post_title_bg_overlay_color":"","ocean_disable_breadcrumbs":"default","ocean_breadcrumbs_color":"","ocean_breadcrumbs_separator_color":"","ocean_breadcrumbs_links_color":"","ocean_breadcrumbs_links_hover_color":"","ocean_display_footer_widgets":"default","ocean_display_footer_bottom":"default","ocean_custom_footer_template":""},"product_brand":[],"product_cat":[265],"product_tag":[247,272],"class_list":{"0":"post-8607","1":"product","2":"type-product","3":"status-publish","4":"has-post-thumbnail","6":"product_cat-mobilne-kucice","7":"product_tag-prodaja","8":"product_tag-prodaja-mobilnih-kucica","9":"pa_broj-kupaonica-60","10":"pa_broj-spavacih-soba-52","11":"pa_cijena-37-000","12":"pa_kvadratura-24-24-terasa","13":"pa_mjesto-pakostane","14":"pa_stanje-objekta-nove-mobilne-kucice","15":"pa_vrsta-objave-prodaja","17":"entry","18":"has-media","20":"first","21":"instock","22":"shipping-taxable","23":"product-type-simple","24":"has-product-nav","25":"col","26":"span_1_of_3","27":"owp-content-center","28":"owp-thumbs-layout-horizontal","29":"owp-btn-normal","30":"owp-tabs-layout-horizontal"},"acf":[],"jetpack_sharing_enabled":true,"_links":{"self":[{"href":"https:\/\/charta-nekretnine.hr\/en\/wp-json\/wp\/v2\/product\/8607","targetHints":{"allow":["GET"]}}],"collection":[{"href":"https:\/\/charta-nekretnine.hr\/en\/wp-json\/wp\/v2\/product"}],"about":[{"href":"https:\/\/charta-nekretnine.hr\/en\/wp-json\/wp\/v2\/types\/product"}],"wp:featuredmedia":[{"embeddable":true,"href":"https:\/\/charta-nekretnine.hr\/en\/wp-json\/wp\/v2\/media\/9202"}],"wp:attachment":[{"href":"https:\/\/charta-nekretnine.hr\/en\/wp-json\/wp\/v2\/media?parent=8607"}],"wp:term":[{"taxonomy":"product_brand","embeddable":true,"href":"https:\/\/charta-nekretnine.hr\/en\/wp-json\/wp\/v2\/product_brand?post=8607"},{"taxonomy":"product_cat","embeddable":true,"href":"https:\/\/charta-nekretnine.hr\/en\/wp-json\/wp\/v2\/product_cat?post=8607"},{"taxonomy":"product_tag","embeddable":true,"href":"https:\/\/charta-nekretnine.hr\/en\/wp-json\/wp\/v2\/product_tag?post=8607"}],"curies":[{"name":"wp","href":"https:\/\/api.w.org\/{rel}","templated":true}]}}