{"id":9451,"date":"2026-04-29T16:40:31","date_gmt":"2026-04-29T16:40:31","guid":{"rendered":"https:\/\/charta-nekretnine.hr\/?post_type=product&#038;p=9451"},"modified":"2026-04-29T16:45:48","modified_gmt":"2026-04-29T16:45:48","slug":"mobilne-kucice-na-premium-lokaciji","status":"publish","type":"product","link":"https:\/\/charta-nekretnine.hr\/en\/product\/mobilne-kucice-na-premium-lokaciji\/","title":{"rendered":"Mobilne ku\u0107ice na premium lokaciji &#8220;Kupi &#038; Rentaj&#8221; model"},"content":{"rendered":"","protected":false},"excerpt":{"rendered":"<h1>Mobilne ku\u0107ice na premium lokaciji<\/h1>\n<p>U Pako\u0161tanima zapo\u010dinjemo projekt po modelu <strong>&#8220;Kupi &amp; Rentaj&#8221;\u00a0<\/strong>gdje su u ponudi dostupne prostrane mobilne ku\u0107ice Premium verzije koje nakon kupnje i postavljanja mo\u017eete iznajmljivati i time stvoriti\u00a0 dodatan, dugoro\u010dan izvor prihoda.<\/p>\n<p>Mobilne ku\u0107ice mo\u017eete koristiti za vlastiti odmor, \u010dime ostvarujete dvostruku korist.<\/p>\n<figure id=\"attachment_9455\" aria-describedby=\"caption-attachment-9455\" style=\"width: 639px\" class=\"wp-caption aligncenter\"><img fetchpriority=\"high\" decoding=\"async\" class=\"wp-image-9455\" src=\"https:\/\/charta-nekretnine.hr\/wp-content\/uploads\/2026\/04\/1000034201-copy.jpg\" alt=\"Mobilne ku\u0107ice na premium lokaciji\" width=\"639\" height=\"360\" srcset=\"https:\/\/charta-nekretnine.hr\/wp-content\/uploads\/2026\/04\/1000034201-copy.jpg 959w, https:\/\/charta-nekretnine.hr\/wp-content\/uploads\/2026\/04\/1000034201-copy-768x432.jpg 768w, https:\/\/charta-nekretnine.hr\/wp-content\/uploads\/2026\/04\/1000034201-copy-18x10.jpg 18w, https:\/\/charta-nekretnine.hr\/wp-content\/uploads\/2026\/04\/1000034201-copy-800x450.jpg 800w, https:\/\/charta-nekretnine.hr\/wp-content\/uploads\/2026\/04\/1000034201-copy-600x338.jpg 600w\" sizes=\"(max-width: 639px) 100vw, 639px\" \/><figcaption id=\"caption-attachment-9455\" class=\"wp-caption-text\">Prikaz ku\u0107ice sa terasom u &#8220;L&#8221; obiku<\/figcaption><\/figure>\n<p>Iznajmljivanjem ku\u0107ice pokre\u0107ete dodatan izvor stabilnih prihoda, a kori\u0161tenjem mobilne ku\u0107ice na premium lokaciji za sebe i svoje najbli\u017ee dobivate svoje mjesto za u\u017eivanje uz more.<\/p>\n<p>S obzirom da je lokacija dostupna vama i gostima tijekom cijele godine, zasigurno \u0107ete na\u0107i najbolju kombinaciju za spoj vlastitog u\u017eitka i kreiranja prihoda od najma mobilnih ku\u0107ica.<\/p>\n<h2>Potencijal lokacije parcela u Pako\u0161tanima<\/h2>\n<p>Parcele za mobilne ku\u0107ice na premium lokaciji nalaze se u zoni predvi\u0111enoj za kamp turizam i posjeduju va\u017ee\u0107e pravomo\u0107ne dozvole.<\/p>\n<p>Mirna lokacija postat \u0107e mjesto za rasko\u0161ne mobilne ku\u0107ice sa izuzetno prostranim terasam u &#8220;L&#8221; oblik koje \u0107e pru\u017eiti dodatnih 56m\u00b2 prostora za u\u017eivanje u svje\u017eem morskom zraku i zvuku valova.<\/p>\n<figure id=\"attachment_9478\" aria-describedby=\"caption-attachment-9478\" style=\"width: 639px\" class=\"wp-caption aligncenter\"><img decoding=\"async\" class=\"wp-image-9478\" src=\"https:\/\/charta-nekretnine.hr\/wp-content\/uploads\/2026\/04\/pako22.jpg\" alt=\"Render lokacije parcela\" width=\"639\" height=\"360\" srcset=\"https:\/\/charta-nekretnine.hr\/wp-content\/uploads\/2026\/04\/pako22.jpg 959w, https:\/\/charta-nekretnine.hr\/wp-content\/uploads\/2026\/04\/pako22-768x432.jpg 768w, https:\/\/charta-nekretnine.hr\/wp-content\/uploads\/2026\/04\/pako22-18x10.jpg 18w, https:\/\/charta-nekretnine.hr\/wp-content\/uploads\/2026\/04\/pako22-800x450.jpg 800w, https:\/\/charta-nekretnine.hr\/wp-content\/uploads\/2026\/04\/pako22-600x338.jpg 600w\" sizes=\"(max-width: 639px) 100vw, 639px\" \/><figcaption id=\"caption-attachment-9478\" class=\"wp-caption-text\">Pozicije mobilnih ku\u0107ica, gledano iz zraka<\/figcaption><\/figure>\n<p>Organizirani izleti i suradnja sa lokalnim vodi\u010dima uzdignut \u0107e va\u0161e mobilne ku\u0107ice na razinu vrlo tra\u017eenih turisti\u010dkih smje\u0161taja.<\/p>\n<h2>Detalji projekta &#8220;mobilne ku\u0107ice na premium lokaciji&#8221;<\/h2>\n<div class=\"x11i5rnm xat24cr x1mh8g0r x1vvkbs xtlvy1s x126k92a\">\n<div dir=\"auto\">\n<ul>\n<li><strong>\u2022\u00a0<\/strong>Cijena mobilne ku\u0107ice model 32 m\u00b2: 56.000 \u20ac plus pdv<\/li>\n<li><strong>\u2022\u00a0<\/strong>Godi\u0161nji pau\u0161al: na upit<\/li>\n<li><strong>\u2022\u00a0<\/strong>Ugovor na 10 godina<\/li>\n<li><strong>\u2022\u00a0<\/strong>Produljenje ugovora: mogu\u0107 dogovor<\/li>\n<\/ul>\n<hr \/>\n<ul>\n<li><strong>\u2022\u00a0<\/strong>Udaljenost od mora: u samoj blizini mora, propisanoj za postavljanje mobilnih ku\u0107ica u kampu<\/li>\n<li><strong>\u2022\u00a0<\/strong>Pristup ku\u0107icama: cijele godine<\/li>\n<li><strong>\u2022<\/strong> Terasa: natkrivena 56 m\u00b2, po dogovoru ogra\u0111ena<\/li>\n<li><strong>\u2022\u00a0<\/strong>Stanje mobilne ku\u0107ice: nova, potpuno opremljena i ure\u0111ena<\/li>\n<li><strong>\u2022\u00a0<\/strong>Osiguran parking<\/li>\n<\/ul>\n<\/div>\n<\/div>\n<p dir=\"auto\">Mobilne ku\u0107ice na premium lokaciji se prodaju po sistemu klju\u010d u ruke, a na\u0161a usluga uklju\u010duje:<\/p>\n<div class=\"x11i5rnm xat24cr x1mh8g0r x1vvkbs xtlvy1s x126k92a\">\n<ul>\n<li dir=\"auto\">\u2022 Potpuno opremljenu i namje\u0161tenu mobilnu ku\u0107icu<\/li>\n<li dir=\"auto\">\u2022 Organiziran prijevoz i postavljanje ku\u0107ice<\/li>\n<li dir=\"auto\">\u2022 Natkrivenu terasu<br \/>\n<hr \/>\n<\/li>\n<li dir=\"auto\">\u2022 Monta\u017eu terase<\/li>\n<li dir=\"auto\">\u2022 Pripremljenu parcela sa priklju\u010dcima<\/li>\n<li dir=\"auto\">\u2022 Spajanje ku\u0107ice na priklju\u010dke<\/li>\n<\/ul>\n<\/div>\n<h2>Model Kupi &amp; Rentaj<\/h2>\n<p>Model\u00a0<strong>Kupi &amp; Rentaj<\/strong>\u00a0zasnovan je na dugogodi\u0161njem poslovanju na\u0161eg Charta Mobile Homes brenda.<\/p>\n<p>Za vas pronalazimo zanimljive lokacije na kojima mo\u017eete postati vlasnicima turisti\u010dkog smje\u0161taja za iznos vi\u0161estruko manji od ulaganja i opremanja npr. ku\u0107e ili apartmana. Uz to, povrat investicije ima znatno kra\u0107i rok \u0161to vam ostavlja prili\u010dno vremena za ostvarivanje stabilnog i dugoro\u010dnog prihoda.<\/p>\n<figure id=\"attachment_9476\" aria-describedby=\"caption-attachment-9476\" style=\"width: 639px\" class=\"wp-caption aligncenter\"><img decoding=\"async\" class=\"wp-image-9476\" src=\"https:\/\/charta-nekretnine.hr\/wp-content\/uploads\/2026\/04\/pako-00.jpg\" alt=\"Mobilne ku\u0107ice na premium lokaciji\" width=\"639\" height=\"360\" srcset=\"https:\/\/charta-nekretnine.hr\/wp-content\/uploads\/2026\/04\/pako-00.jpg 959w, https:\/\/charta-nekretnine.hr\/wp-content\/uploads\/2026\/04\/pako-00-768x432.jpg 768w, https:\/\/charta-nekretnine.hr\/wp-content\/uploads\/2026\/04\/pako-00-18x10.jpg 18w, https:\/\/charta-nekretnine.hr\/wp-content\/uploads\/2026\/04\/pako-00-800x450.jpg 800w, https:\/\/charta-nekretnine.hr\/wp-content\/uploads\/2026\/04\/pako-00-600x338.jpg 600w\" sizes=\"(max-width: 639px) 100vw, 639px\" \/><figcaption id=\"caption-attachment-9476\" class=\"wp-caption-text\">Uz ku\u0107ice \u0107e na raspolaganju gostima biti vanjski bazen<\/figcaption><\/figure>\n<p>Ovim modelom u ponudu stavljamo parcele i mobilne ku\u0107ice\u00a0na premium lokaciji koje mo\u017eete iznajmljivati, boraviti u njima i koristiti ih kako vama najvi\u0161e odgovara.<\/p>\n<p>O\u010dekivani\u00a0<strong>povrat investicije u mobilne ku\u0107ice je 4 do 6 godina<\/strong>. Budu\u0107i da se ugovor o zakupu parcele sklapa na 10 godina (mogu\u0107 je dogovor o produljenju zakupa), znatan dio vremena zapravo ostvarujete prihod od iznajmljivanja.<\/p>\n<p>Klju\u010dne prednosti ovog modela su predvidljivost tro\u0161kova, mogu\u0107nost ostvarivanja redovitih prihoda od najma te osobno kori\u0161tenje ku\u0107ice izvan glavne sezone.<\/p>\n<p>Kupnjom nove, potpuno opremljene mobilne ku\u0107ice dobivate svoj kutak za odmor, ali i mogu\u0107nost da ku\u0107ica radi za vas kada je ne koristite. Kao kupac postajete vlasnicima mobilne ku\u0107ice, dok se kori\u0161tenje parcele regulira dugoro\u010dnim ugovorom s vlasnikom kampa.<\/p>\n<p>Zahvaljuju\u0107i iskustvu i poznavanju kampova i lokacija, cijeli proces odvija se jednostavno i sigurno, omogu\u0107uju\u0107i vam da se usredoto\u010dite na ono najva\u017enije\u00a0 kvalitetno vrijeme, dobar odmor i dugoro\u010dno zadovoljstvo.<\/p>\n<p>Kako bi lak\u0161e donijeli odluku, pogledajte na\u0161\u00a0<strong><a href=\"https:\/\/charta-nekretnine.hr\/en\/2023\/04\/28\/pausal-za-mobilne-kucice-u-kampu\/\" target=\"_blank\" rel=\"noopener\">prikaz tro\u0161kova i pau\u0161ala za mobilne ku\u0107ice<\/a><\/strong>.<\/p>\n<h2>Opremljenost mobilne ku\u0107ice sa potencijalom cjelogodi\u0161njeg najma<\/h2>\n<p>Potpuna\u00a0<strong>opremljenost ku\u0107anskim ure\u0111ajima<\/strong>\u00a0zna\u010di da mo\u017eete ra\u010dunati na kuhinju sa perilicom posu\u0111a, velikim hladnjakom sa ledenicom te staklokerami\u010dkom plo\u010dom za kuhanje.<\/p>\n<figure id=\"attachment_9091\" aria-describedby=\"caption-attachment-9091\" style=\"width: 640px\" class=\"wp-caption aligncenter\"><img loading=\"lazy\" decoding=\"async\" class=\"wp-image-9091\" src=\"https:\/\/charta-nekretnine.hr\/wp-content\/uploads\/2025\/04\/tlcrt-mobilne-kucice-Viola-resort.jpg\" alt=\"mobilna ku\u0107ica 8 x 4 m\" width=\"640\" height=\"360\" srcset=\"https:\/\/charta-nekretnine.hr\/wp-content\/uploads\/2025\/04\/tlcrt-mobilne-kucice-Viola-resort.jpg 960w, https:\/\/charta-nekretnine.hr\/wp-content\/uploads\/2025\/04\/tlcrt-mobilne-kucice-Viola-resort-768x432.jpg 768w, https:\/\/charta-nekretnine.hr\/wp-content\/uploads\/2025\/04\/tlcrt-mobilne-kucice-Viola-resort-18x10.jpg 18w, https:\/\/charta-nekretnine.hr\/wp-content\/uploads\/2025\/04\/tlcrt-mobilne-kucice-Viola-resort-800x450.jpg 800w, https:\/\/charta-nekretnine.hr\/wp-content\/uploads\/2025\/04\/tlcrt-mobilne-kucice-Viola-resort-600x338.jpg 600w\" sizes=\"(max-width: 640px) 100vw, 640px\" \/><figcaption id=\"caption-attachment-9091\" class=\"wp-caption-text\">mobilna ku\u0107ica 8 x 4 m<\/figcaption><\/figure>\n<p>Elementi za pohranu pribora za jelo i malih kuhinjskih ure\u0111aja dovoljno su veliki za potrebe va\u0161ih gostiju \u2013 od parova do cijelih obitelji.<\/p>\n<p>Na raspolaganju vam je odabir interijera gdje spava\u0107e sobe mo\u017eete opremiti krevetima na kat, odvojenim krevetima ili velikim krevetom za dvije osobe.<\/p>\n<figure id=\"attachment_9081\" class=\"wp-caption aligncenter\" aria-describedby=\"caption-attachment-9081\"><figcaption id=\"caption-attachment-9081\" class=\"wp-caption-text\">Tlocrt mobilne ku\u0107ice<\/figcaption><\/figure>\n<p>Moderno ure\u0111ene, ove mobilne ku\u0107ice sa pogledom na more opremljene su svim potrebnim ure\u0111ajima za ugodan boravak i odmor bez naprezanja.<\/p>\n<p><strong>Kuhinja<\/strong>\u00a0ima veliki fri\u017eider, perilicu za pranje su\u0111a, plo\u010du za kuhanje i dovoljno prostora za odlaganje kuhinjskog pribora i manjih ure\u0111aja.<\/p>\n<p>Savjetujemo da svojim gostima pru\u017eite dodatan komfor nabavkom mikrovalne i aparata za kavu.<\/p>\n<p><strong>Kupaonica<\/strong>\u00a0je pravo \u010dudo rasporeda elemenata i galanterije. Svaki kvadratni centimetar iskori\u0161ten je da omogu\u0107i nesmetano kretanje vi\u0161e osoba istovremeno.<\/p>\n<p><strong>Dnevni boravak<\/strong>\u00a0opremljen je kau\u010dem na razvla\u010denje \u0161to mo\u017ee obradovati privremene goste, smart TV-om i klima ure\u0111ajem.<\/p>\n<p><strong>Terasa<\/strong>\u00a0je mjesto okupljanja svih posjetitelja i prostor za unapre\u0111enje usluge smje\u0161taja. Uz vanjsku garnituru za opu\u0161tanje uz lagani vjetri\u0107, na terasu se mo\u017ee postaviti vanjska kuhinja te el. gril.<\/p>\n<figure id=\"attachment_9453\" aria-describedby=\"caption-attachment-9453\" style=\"width: 639px\" class=\"wp-caption aligncenter\"><img loading=\"lazy\" decoding=\"async\" class=\"wp-image-9453\" src=\"https:\/\/charta-nekretnine.hr\/wp-content\/uploads\/2026\/04\/1000034193-copy.jpg\" alt=\"Mobilna ku\u0107ica i terasa\" width=\"639\" height=\"360\" srcset=\"https:\/\/charta-nekretnine.hr\/wp-content\/uploads\/2026\/04\/1000034193-copy.jpg 959w, https:\/\/charta-nekretnine.hr\/wp-content\/uploads\/2026\/04\/1000034193-copy-768x432.jpg 768w, https:\/\/charta-nekretnine.hr\/wp-content\/uploads\/2026\/04\/1000034193-copy-18x10.jpg 18w, https:\/\/charta-nekretnine.hr\/wp-content\/uploads\/2026\/04\/1000034193-copy-800x450.jpg 800w, https:\/\/charta-nekretnine.hr\/wp-content\/uploads\/2026\/04\/1000034193-copy-600x338.jpg 600w\" sizes=\"(max-width: 639px) 100vw, 639px\" \/><figcaption id=\"caption-attachment-9453\" class=\"wp-caption-text\">Udoban prostor za u\u017eivanje u hladu terase<\/figcaption><\/figure>\n<p>Pru\u017eite svojim gostima iskustvo zajedni\u010dkih obroka na svje\u017eem zraku i rashla\u0111ene prostorije unutar ove mobilne ku\u0107ice na premium lokaciji.<\/p>\n<h3>Paket upravljanja za mobilne ku\u0107ice<\/h3>\n<p>Za svaku je mobilnu ku\u0107icu mogu\u0107e ugovoriti paket upravljanja koji uklju\u010duje:<\/p>\n<ul>\n<li><strong>\u2022\u00a0<\/strong>iznajmljivanje putem specijaliziranih portala<\/li>\n<li><strong>\u2022\u00a0<\/strong>koordinaciju raspolo\u017eivih termina na svim portalima<\/li>\n<li><strong>\u2022\u00a0<\/strong>check in \/ check out gostiju<\/li>\n<li><strong>\u2022\u00a0<\/strong>uslugu \u010di\u0161\u0107enja ku\u0107ice<\/li>\n<li><strong>\u2022\u00a0<\/strong>izradu web stranice i vo\u0111enje profila na dru\u0161tvenim mre\u017eama<\/li>\n<li><strong>\u2022\u00a0<\/strong>snimanje promo materijala za mobilne ku\u0107ice<\/li>\n<\/ul>\n<p>Za vas predstavljamo\u00a0<strong><a href=\"https:\/\/charta-nekretnine.hr\/en\/prodaja-mobilne-kucice\/\" target=\"_blank\" rel=\"noopener\">ponudu ostalih lokacija<\/a><\/strong>\u00a0na kojima mo\u017eete kupiti i postaviti mobilnu ku\u0107icu te zapo\u010deti sa ostvarivanjem prihoda od turisti\u010dkog iznajmljivanja.<\/p>\n<h3>\u010cesta pitanja i odgovori vezani uz ulaganje u mobilne ku\u0107ice<\/h3>\n<div class=\"x11i5rnm xat24cr x1mh8g0r x1vvkbs xtlvy1s x126k92a\">\n<p dir=\"auto\">Zanima li vas investicija u mobilne ku\u0107ice na premium lokaciji, sigurno \u017eelite znati odgovore na sljede\u0107a pitanja:<\/p>\n<\/div>\n<div class=\"x11i5rnm xat24cr x1mh8g0r x1vvkbs xtlvy1s x126k92a\">\n<div dir=\"auto\"><span class=\"x3nfvp2 x1j61x8r x1fcty0u xdj266r xhhsvwb xat24cr xgzva0m xxymvpz xlup9mm x1kky2od\"><img loading=\"lazy\" decoding=\"async\" class=\"xz74otr\" src=\"https:\/\/static.xx.fbcdn.net\/images\/emoji.php\/v9\/t72\/3\/16\/1f518.png\" alt=\"\ud83d\udd18\" width=\"16\" height=\"16\" \/><\/span>\u00a0\u0160to je pau\u0161al?<\/div>\n<div dir=\"auto\"><span class=\"x3nfvp2 x1j61x8r x1fcty0u xdj266r xhhsvwb xat24cr xgzva0m xxymvpz xlup9mm x1kky2od\"><img loading=\"lazy\" decoding=\"async\" class=\"xz74otr\" src=\"https:\/\/static.xx.fbcdn.net\/images\/emoji.php\/v9\/t8f\/3\/16\/2611.png\" alt=\"\u2611\ufe0f\" width=\"16\" height=\"16\" \/><\/span>\u00a0Godi\u0161nja naknada za kori\u0161tenje parcele koja se pla\u0107a vlasniku zemlji\u0161ta<\/div>\n<\/div>\n<div class=\"x11i5rnm xat24cr x1mh8g0r x1vvkbs xtlvy1s x126k92a\">\n<div dir=\"auto\">\n<hr \/>\n<\/div>\n<\/div>\n<div class=\"x11i5rnm xat24cr x1mh8g0r x1vvkbs xtlvy1s x126k92a\">\n<div dir=\"auto\"><span class=\"x3nfvp2 x1j61x8r x1fcty0u xdj266r xhhsvwb xat24cr xgzva0m xxymvpz xlup9mm x1kky2od\"><img loading=\"lazy\" decoding=\"async\" class=\"xz74otr\" src=\"https:\/\/static.xx.fbcdn.net\/images\/emoji.php\/v9\/t72\/3\/16\/1f518.png\" alt=\"\ud83d\udd18\" width=\"16\" height=\"16\" \/><\/span>\u00a0Za koliko mogu vratiti ulo\u017eeno?<\/div>\n<div dir=\"auto\"><span class=\"x3nfvp2 x1j61x8r x1fcty0u xdj266r xhhsvwb xat24cr xgzva0m xxymvpz xlup9mm x1kky2od\"><img loading=\"lazy\" decoding=\"async\" class=\"xz74otr\" src=\"https:\/\/static.xx.fbcdn.net\/images\/emoji.php\/v9\/t8f\/3\/16\/2611.png\" alt=\"\u2611\ufe0f\" width=\"16\" height=\"16\" \/><\/span> O\u010dekivani povrat investicije je 4 do 7 godina<\/div>\n<\/div>\n<div class=\"x11i5rnm xat24cr x1mh8g0r x1vvkbs xtlvy1s x126k92a\">\n<div dir=\"auto\">\n<hr \/>\n<\/div>\n<div dir=\"auto\"><span class=\"x3nfvp2 x1j61x8r x1fcty0u xdj266r xhhsvwb xat24cr xgzva0m xxymvpz xlup9mm x1kky2od\"><img loading=\"lazy\" decoding=\"async\" class=\"xz74otr\" src=\"https:\/\/static.xx.fbcdn.net\/images\/emoji.php\/v9\/t72\/3\/16\/1f518.png\" alt=\"\ud83d\udd18\" width=\"16\" height=\"16\" \/><\/span>\u00a0Mogu li boraviti u mobilnoj ku\u0107ici?<\/div>\n<div dir=\"auto\"><span class=\"x3nfvp2 x1j61x8r x1fcty0u xdj266r xhhsvwb xat24cr xgzva0m xxymvpz xlup9mm x1kky2od\"><img loading=\"lazy\" decoding=\"async\" class=\"xz74otr\" src=\"https:\/\/static.xx.fbcdn.net\/images\/emoji.php\/v9\/t8f\/3\/16\/2611.png\" alt=\"\u2611\ufe0f\" width=\"16\" height=\"16\" \/><\/span>\u00a0Naravno, mo\u017eete kombinirati najam ku\u0107ice, boraviti u njoj ili pozvati prijatelje i rodbinu da odsjednu u njoj?<\/div>\n<\/div>\n<div class=\"x11i5rnm xat24cr x1mh8g0r x1vvkbs xtlvy1s x126k92a\">\n<div dir=\"auto\">\n<hr \/>\n<\/div>\n<div dir=\"auto\"><span class=\"x3nfvp2 x1j61x8r x1fcty0u xdj266r xhhsvwb xat24cr xgzva0m xxymvpz xlup9mm x1kky2od\"><img loading=\"lazy\" decoding=\"async\" class=\"xz74otr\" src=\"https:\/\/static.xx.fbcdn.net\/images\/emoji.php\/v9\/t72\/3\/16\/1f518.png\" alt=\"\ud83d\udd18\" width=\"16\" height=\"16\" \/><\/span> \u010cije su vlasni\u0161tvo ove mobilne ku\u0107ice u Pako\u0161tanima?<\/div>\n<div dir=\"auto\"><span class=\"x3nfvp2 x1j61x8r x1fcty0u xdj266r xhhsvwb xat24cr xgzva0m xxymvpz xlup9mm x1kky2od\"><img loading=\"lazy\" decoding=\"async\" class=\"xz74otr\" src=\"https:\/\/static.xx.fbcdn.net\/images\/emoji.php\/v9\/t8f\/3\/16\/2611.png\" alt=\"\u2611\ufe0f\" width=\"16\" height=\"16\" \/><\/span>\u00a0Va\u0161e! Velika je prednost ovog na\u010dina investiranja \u0161to ku\u0107icu mo\u017eete prodati i time jo\u0161 pove\u0107ati svoju dobit.<\/div>\n<\/div>\n<div class=\"x11i5rnm xat24cr x1mh8g0r x1vvkbs xtlvy1s x126k92a\">\n<div dir=\"auto\">\n<hr \/>\n<\/div>\n<div dir=\"auto\"><span class=\"x3nfvp2 x1j61x8r x1fcty0u xdj266r xhhsvwb xat24cr xgzva0m xxymvpz xlup9mm x1kky2od\"><img loading=\"lazy\" decoding=\"async\" class=\"xz74otr\" src=\"https:\/\/static.xx.fbcdn.net\/images\/emoji.php\/v9\/t72\/3\/16\/1f518.png\" alt=\"\ud83d\udd18\" width=\"16\" height=\"16\" \/><\/span>\u00a0Da li je i parcela moja?<\/div>\n<div dir=\"auto\"><span class=\"x3nfvp2 x1j61x8r x1fcty0u xdj266r xhhsvwb xat24cr xgzva0m xxymvpz xlup9mm x1kky2od\"><img loading=\"lazy\" decoding=\"async\" class=\"xz74otr\" src=\"https:\/\/static.xx.fbcdn.net\/images\/emoji.php\/v9\/t8f\/3\/16\/2611.png\" alt=\"\u2611\ufe0f\" width=\"16\" height=\"16\" \/><\/span>\u00a0Ne! Zemlji\u0161te je privatno vlasni\u0161tvo koje se daje u zakup na odre\u0111eni broj godina.<\/div>\n<\/div>\n<div class=\"x11i5rnm xat24cr x1mh8g0r x1vvkbs xtlvy1s x126k92a\">\n<div dir=\"auto\">\n<hr \/>\n<\/div>\n<div dir=\"auto\"><span class=\"x3nfvp2 x1j61x8r x1fcty0u xdj266r xhhsvwb xat24cr xgzva0m xxymvpz xlup9mm x1kky2od\"><img loading=\"lazy\" decoding=\"async\" class=\"xz74otr\" src=\"https:\/\/static.xx.fbcdn.net\/images\/emoji.php\/v9\/t72\/3\/16\/1f518.png\" alt=\"\ud83d\udd18\" width=\"16\" height=\"16\" \/><\/span> Isplati li se ulagati u mobilne ku\u0107ice na premium lokaciji?<\/div>\n<div dir=\"auto\">\n<p><span class=\"x3nfvp2 x1j61x8r x1fcty0u xdj266r xhhsvwb xat24cr xgzva0m xxymvpz xlup9mm x1kky2od\"><img loading=\"lazy\" decoding=\"async\" class=\"xz74otr\" src=\"https:\/\/static.xx.fbcdn.net\/images\/emoji.php\/v9\/t8f\/3\/16\/2611.png\" alt=\"\u2611\ufe0f\" width=\"16\" height=\"16\" \/><\/span>\u00a0Nazovite nas i saznajte detalje na\u0161e ponude!<\/p>\n<\/div>\n<\/div>\n<p dir=\"auto\">Za sve detalje i informacije o projektu \u201cMobilne ku\u0107ice na premium lokaciji u Pako\u0161tanima\u201d i ulaganju u turisti\u010dko iznajmljivanje, na raspolaganju smo vam na:<\/p>\n<div class=\"x11i5rnm xat24cr x1mh8g0r x1vvkbs xtlvy1s x126k92a\">\n<div dir=\"auto\">+385 (0)91 900 1525<br \/>\n+385 (0)99 366 4412<br \/>\n+385 (0)99 738 5893<br \/>\n+385 (0)95 724 2285<\/div>\n<div dir=\"auto\">info@charta-nekretnine.hr<\/div>\n<\/div>","protected":false},"featured_media":9482,"template":"","meta":{"_acf_changed":false,"ocean_post_layout":"","ocean_both_sidebars_style":"","ocean_both_sidebars_content_width":0,"ocean_both_sidebars_sidebars_width":0,"ocean_sidebar":"","ocean_second_sidebar":"","ocean_disable_margins":"enable","ocean_add_body_class":"","ocean_shortcode_before_top_bar":"","ocean_shortcode_after_top_bar":"","ocean_shortcode_before_header":"","ocean_shortcode_after_header":"","ocean_has_shortcode":"","ocean_shortcode_after_title":"","ocean_shortcode_before_footer_widgets":"","ocean_shortcode_after_footer_widgets":"","ocean_shortcode_before_footer_bottom":"","ocean_shortcode_after_footer_bottom":"","ocean_display_top_bar":"default","ocean_display_header":"default","ocean_header_style":"","ocean_center_header_left_menu":"","ocean_custom_header_template":"","ocean_custom_logo":0,"ocean_custom_retina_logo":0,"ocean_custom_logo_max_width":0,"ocean_custom_logo_tablet_max_width":0,"ocean_custom_logo_mobile_max_width":0,"ocean_custom_logo_max_height":0,"ocean_custom_logo_tablet_max_height":0,"ocean_custom_logo_mobile_max_height":0,"ocean_header_custom_menu":"","ocean_menu_typo_font_family":"","ocean_menu_typo_font_subset":"","ocean_menu_typo_font_size":0,"ocean_menu_typo_font_size_tablet":0,"ocean_menu_typo_font_size_mobile":0,"ocean_menu_typo_font_size_unit":"px","ocean_menu_typo_font_weight":"","ocean_menu_typo_font_weight_tablet":"","ocean_menu_typo_font_weight_mobile":"","ocean_menu_typo_transform":"","ocean_menu_typo_transform_tablet":"","ocean_menu_typo_transform_mobile":"","ocean_menu_typo_line_height":0,"ocean_menu_typo_line_height_tablet":0,"ocean_menu_typo_line_height_mobile":0,"ocean_menu_typo_line_height_unit":"","ocean_menu_typo_spacing":0,"ocean_menu_typo_spacing_tablet":0,"ocean_menu_typo_spacing_mobile":0,"ocean_menu_typo_spacing_unit":"","ocean_menu_link_color":"","ocean_menu_link_color_hover":"","ocean_menu_link_color_active":"","ocean_menu_link_background":"","ocean_menu_link_hover_background":"","ocean_menu_link_active_background":"","ocean_menu_social_links_bg":"","ocean_menu_social_hover_links_bg":"","ocean_menu_social_links_color":"","ocean_menu_social_hover_links_color":"","ocean_disable_title":"default","ocean_disable_heading":"default","ocean_post_title":"","ocean_post_subheading":"","ocean_post_title_style":"","ocean_post_title_background_color":"","ocean_post_title_background":0,"ocean_post_title_bg_image_position":"","ocean_post_title_bg_image_attachment":"","ocean_post_title_bg_image_repeat":"","ocean_post_title_bg_image_size":"","ocean_post_title_height":0,"ocean_post_title_bg_overlay":0.5,"ocean_post_title_bg_overlay_color":"","ocean_disable_breadcrumbs":"default","ocean_breadcrumbs_color":"","ocean_breadcrumbs_separator_color":"","ocean_breadcrumbs_links_color":"","ocean_breadcrumbs_links_hover_color":"","ocean_display_footer_widgets":"default","ocean_display_footer_bottom":"default","ocean_custom_footer_template":""},"product_brand":[],"product_cat":[265],"product_tag":[247,272],"class_list":{"0":"post-9451","1":"product","2":"type-product","3":"status-publish","4":"has-post-thumbnail","6":"product_cat-mobilne-kucice","7":"product_tag-prodaja","8":"product_tag-prodaja-mobilnih-kucica","9":"pa_broj-kupaonica-60","10":"pa_broj-spavacih-soba-52","11":"pa_cijena-56-000-pdv","12":"pa_kvadratura-32-56-terasa","13":"pa_mjesto-pakostane","14":"pa_stanje-objekta-nove-mobilne-kucice","15":"pa_vrsta-objave-prodaja","17":"entry","18":"has-media","20":"first","21":"instock","22":"shipping-taxable","23":"product-type-simple","24":"has-product-nav","25":"col","26":"span_1_of_3","27":"owp-content-center","28":"owp-thumbs-layout-horizontal","29":"owp-btn-normal","30":"owp-tabs-layout-horizontal"},"acf":[],"jetpack_sharing_enabled":true,"_links":{"self":[{"href":"https:\/\/charta-nekretnine.hr\/en\/wp-json\/wp\/v2\/product\/9451","targetHints":{"allow":["GET"]}}],"collection":[{"href":"https:\/\/charta-nekretnine.hr\/en\/wp-json\/wp\/v2\/product"}],"about":[{"href":"https:\/\/charta-nekretnine.hr\/en\/wp-json\/wp\/v2\/types\/product"}],"wp:featuredmedia":[{"embeddable":true,"href":"https:\/\/charta-nekretnine.hr\/en\/wp-json\/wp\/v2\/media\/9482"}],"wp:attachment":[{"href":"https:\/\/charta-nekretnine.hr\/en\/wp-json\/wp\/v2\/media?parent=9451"}],"wp:term":[{"taxonomy":"product_brand","embeddable":true,"href":"https:\/\/charta-nekretnine.hr\/en\/wp-json\/wp\/v2\/product_brand?post=9451"},{"taxonomy":"product_cat","embeddable":true,"href":"https:\/\/charta-nekretnine.hr\/en\/wp-json\/wp\/v2\/product_cat?post=9451"},{"taxonomy":"product_tag","embeddable":true,"href":"https:\/\/charta-nekretnine.hr\/en\/wp-json\/wp\/v2\/product_tag?post=9451"}],"curies":[{"name":"wp","href":"https:\/\/api.w.org\/{rel}","templated":true}]}}